{"id":388,"date":"2019-03-10T10:47:30","date_gmt":"2019-03-10T09:47:30","guid":{"rendered":"http:\/\/tri.tri-osnabrueck.de\/?page_id=388"},"modified":"2023-12-04T21:04:00","modified_gmt":"2023-12-04T20:04:00","slug":"datenschutzverordnung","status":"publish","type":"page","link":"http:\/\/tri-osnabrueck.de\/?page_id=388","title":{"rendered":"Datenschutzerkl\u00e4rung"},"content":{"rendered":"\n<p><strong>Datenschutzerkl\u00e4rung<\/strong><\/p>\n\n\n\n<p>Wir, die Triathlon Abteilung der Turn- und\nSportgemeinschaft 07 Burg Gretesch e.V., Helmut-Stockmeyer-Stra\u00dfe 3, 49086\nOsnabr\u00fcck sind Betreiber dieser Website und der darauf angebotenen Dienste und\nsomit verantwortlich f\u00fcr die Erhebung, Verarbeitung und Nutzung von\npersonenbezogenen Daten im Sinne der Datenschutzgrundverordnung (DS-GVO) und in\n\u00dcbereinstimmung mit den geltenden landesspezifischen Datenschutzbestimmungen.\nDer ordnungsgem\u00e4\u00dfe Umgang mit ihren pers\u00f6nlichen Daten ist uns ein besonderes\nAnliegen. Daher informieren wir Sie im Folgenden gern \u00fcber den Umgang mit Ihren\npers\u00f6nlichen Daten.<\/p>\n\n\n\n<p>Eine Nutzung der Website der Triathlon Abteilung der Turn-\nund Sportgemeinschaft 07 Burg Gretesch e.V. ist in der Regel ohne Angabe personenbezogener\nDaten m\u00f6glich. Wird ein Service \u00fcber unsere Website in Anspruch genommen,\nk\u00f6nnte eine Verarbeitung personenbezogener Daten m\u00f6glich sein. Wir verwenden\nIhre personenbezogenen Daten unter Beachtung der geltenden\ndatenschutzrechtlichen Bestimmungen. Im Folgenden erl\u00e4utern wir, welche Daten\nwir erheben, wie diese durch uns verwendet werden und welche Rechte Ihnen im\nHinblick auf die Verwendung Ihrer Daten gegen\u00fcber uns zustehen.<\/p>\n\n\n\n<p><strong>1. Begriffsbestimmungen<\/strong><\/p>\n\n\n\n<p>Die Datenschutzerkl\u00e4rung beruht auf die Begrifflichkeiten,\ndie innerhalb der DS-GVO unter Art. 4 DS-GVO verwendet werden. Im folgenden\nwerden vorab die verwendeten Begrifflichkeiten erl\u00e4utert. Wir verwenden in\ndieser Datenschutzerkl\u00e4rung u.a. die folgenden Begriffe:<\/p>\n\n\n\n<p><strong>a. Personenbezogene Daten<\/strong><\/p>\n\n\n\n<p>Personenbezogene Daten sind alle Informationen, die sich\nauf eine identifizierte oder identifizierbare nat\u00fcrliche Person beziehen; als\nidentifizierbar wird eine nat\u00fcrliche Person angesehen, die direkt oder\nindirekt, insbesondere mittels Zuordnung zu einer Kennung wie einem Namen, zu\neiner Kennnummer, zu Standortdaten, zu einer Online-Kennung oder zu einem oder\nmehreren besonderen Merkmalen identifiziert werden kann, die Ausdruck der\nphysischen, physiologischen, genetischen, psychischen, wirtschaftlichen, kulturellen\noder sozialen Identit\u00e4t dieser nat\u00fcrlichen Person sind.<\/p>\n\n\n\n<p><strong>b. Betroffene Person<\/strong><\/p>\n\n\n\n<p>Betroffene Person ist jede identifizierte oder\nidentifizierbare nat\u00fcrliche Person, deren personenbezogene Daten von dem f\u00fcr\ndie Verarbeitung Verantwortlichen verarbeitet werden.<\/p>\n\n\n\n<p><strong>c. Verarbeitung<\/strong><\/p>\n\n\n\n<p>Verarbeitung ist jeder mit oder ohne Hilfe automatisierter\nVerfahren ausgef\u00fchrten Vorgang oder jede solche Vorgangsreihe im Zusammenhang\nmit personenbezogenen Daten wie das Erheben, das Erfassen, die Organisation,\ndas Ordnen, die Speicherung, die Anpassung oder Ver\u00e4nderung, das Auslesen, das\nAbfragen, die Verwendung, die Offenlegung durch \u00dcbermittlung, Verbreitung oder\neine andere Form der Bereitstellung, den Abgleich oder die Verkn\u00fcpfung, die\nEinschr\u00e4nkung, das L\u00f6schen oder die Vernichtung.<\/p>\n\n\n\n<p><strong>d. Einschr\u00e4nkung der Verarbeitung<\/strong><\/p>\n\n\n\n<p>Einschr\u00e4nkung der Verarbeitung ist die Markierung\ngespeicherter personenbezogener Daten mit dem Ziel, ihre k\u00fcnftige Verarbeitung\neinzuschr\u00e4nken.<\/p>\n\n\n\n<p><strong>e. Profiling<\/strong><\/p>\n\n\n\n<p>Profiling ist jede Art der automatisierten Verarbeitung\npersonenbezogener Daten, die darin besteht, dass diese personenbezogenen Daten\nverwendet werden, um bestimmte pers\u00f6nliche Aspekte, die sich auf eine\nnat\u00fcrliche Person beziehen, zu bewerten, insbesondere um Aspekte bez\u00fcglich\nArbeitsleistung, wirtschaftliche Lage, Gesundheit, pers\u00f6nliche Vorlieben,\nInteressen, Zuverl\u00e4ssigkeit, Verhalten, Aufenthaltsort oder Ortswechsel dieser\nnat\u00fcrlichen Person zu analysieren oder vorherzusagen.<\/p>\n\n\n\n<p><strong>f. Pseudonymisierung<\/strong><\/p>\n\n\n\n<p>Pseudonymisierung ist die Verarbeitung personenbezogener\nDaten in einer Weise, dass die personenbezogenen Daten ohne Hinzuziehung\nzus\u00e4tzlicher Informationen nicht mehr einer spezifischen betroffenen Person\nzugeordnet werden k\u00f6nnen, sofern diese zus\u00e4tzlichen Informationen gesondert\naufbewahrt werden und technischen und organisatorischen Ma\u00dfnahmen unterliegen,\ndie gew\u00e4hrleisten, dass die personenbezogenen Daten nicht einer identifizierten\noder identifizierbaren nat\u00fcrlichen Person zugewiesen werden.<\/p>\n\n\n\n<p><strong>g. Verantwortlicher<\/strong><\/p>\n\n\n\n<p>Verantwortlicher ist die nat\u00fcrliche oder juristische\nPerson, Beh\u00f6rde, Einrichtung oder andere Stelle, die allein oder gemeinsam mit\nanderen \u00fcber die Zwecke und Mittel der Verarbeitung von personenbezogenen Daten\nentscheidet; sind die Zwecke und Mittel dieser Verarbeitung durch das\nUnionsrecht oder das Recht der Mitgliedstaaten vorgegeben, so k\u00f6nnen der\nVerantwortliche beziehungsweise die bestimmten Kriterien seiner Benennung nach\ndem Unionsrecht oder dem Recht der Mitgliedstaaten vorgesehen werden.<\/p>\n\n\n\n<p><strong>h. Auftragsverarbeiter<\/strong><\/p>\n\n\n\n<p>Auftragsverarbeiter ist eine nat\u00fcrliche oder juristische\nPerson, Beh\u00f6rde, Einrichtung oder andere Stelle, die personenbezogene Daten im\nAuftrag des Verantwortlichen verarbeitet.<\/p>\n\n\n\n<p><strong>i. Empf\u00e4nger<\/strong><\/p>\n\n\n\n<p>Empf\u00e4nger ist eine nat\u00fcrliche oder juristische Person,\nBeh\u00f6rde, Einrichtung oder andere Stelle, denen personenbezogene Daten\noffengelegt werden, unabh\u00e4ngig davon, ob es sich bei ihr um einen Dritten\nhandelt oder nicht. Beh\u00f6rden, die im Rahmen eines bestimmten\nUntersuchungsauftrags nach dem Unionsrecht oder dem Recht der Mitgliedstaaten\nm\u00f6glicherweise personenbezogene Daten erhalten, gelten jedoch nicht als\nEmpf\u00e4nger; die Verarbeitung dieser Daten durch die genannten Beh\u00f6rden erfolgt\nim Einklang mit den geltenden Datenschutzvorschriften gem\u00e4\u00df den Zwecken der\nVerarbeitung.<\/p>\n\n\n\n<p><strong>j. Dritter<\/strong><\/p>\n\n\n\n<p>Dritter ist eine nat\u00fcrliche oder juristische Person,\nBeh\u00f6rde, Einrichtung oder andere Stelle, au\u00dfer der betroffenen Person, dem\nVerantwortlichen, dem Auftragsverarbeiter und den Personen, die unter der\nunmittelbaren Verantwortung des Verantwortlichen oder des Auftragsverarbeiters\nbefugt sind, die personenbezogenen Daten zu verarbeiten.<\/p>\n\n\n\n<p><strong>k. Einwilligung<\/strong><\/p>\n\n\n\n<p>Einwilligung der betroffenen Person ist jede freiwillig\nf\u00fcr den bestimmten Fall, in informierter Weise und unmissverst\u00e4ndlich abgegebene\nWillensbekundung in Form einer Erkl\u00e4rung oder einer sonstigen eindeutigen\nbest\u00e4tigenden Handlung, mit der die betroffene Person zu verstehen gibt, dass\nsie mit der Verarbeitung der sie betreffenden personenbezogenen Daten\neinverstanden ist.<\/p>\n\n\n\n<p><strong>2. Rechtsgrundlage f\u00fcr die\nVerarbeitung personenbezogener Daten<\/strong><\/p>\n\n\n\n<p>Art. 6 I lit. a DS-GVO dient als Rechtsgrundlage f\u00fcr Verarbeitungsvorg\u00e4nge,\nbei denen wir eine Einwilligung f\u00fcr einen bestimmten Verarbeitungszweck\neinholen.<\/p>\n\n\n\n<p>Ist die Verarbeitung personenbezogener Daten zur Erf\u00fcllung\neines Vertrags, dessen Vertragspartei die betroffene Person ist, erforderlich,\nberuht die Verarbeitung auf Art. 6 I lit. b DS-GVO. Gleiches gilt f\u00fcr solche\nVerarbeitungsvorg\u00e4nge die zur Durchf\u00fchrung vorvertraglicher Ma\u00dfnahmen\nerforderlich sind, etwa in F\u00e4llen von Anfragen zu unseren Produkten oder\nLeistungen.<\/p>\n\n\n\n<p>Soweit eine Verarbeitung personenbezogener Daten zur\nErf\u00fcllung einer rechtlichen Verpflichtung erforderlich ist, dient Art. 6 Abs. 1\nlit. c DS-GVO als Rechtsgrundlage.<\/p>\n\n\n\n<p>F\u00fcr den Fall, dass lebenswichtige Interessen der\nbetroffenen Person oder einer anderen nat\u00fcrlichen Person eine Verarbeitung\npersonenbezogener Daten erforderlich machen, dient Art. 6 Abs. 1 lit. d DS-GVO\nals Rechtsgrundlage.<\/p>\n\n\n\n<p>Letztlich k\u00f6nnten Verarbeitungsvorg\u00e4nge auf Art. 6 I lit.\nf DS-GVO beruhen. Auf dieser Rechtsgrundlage basieren Verarbeitungsvorg\u00e4nge,\ndie von keiner der vorgenannten Rechtsgrundlagen erfasst werden, wenn die\nVerarbeitung zur Wahrung eines berechtigten Interesses oder eines Dritten\nerforderlich ist, sofern die Interessen, Grundrechte und Grundfreiheiten des\nBetroffenen nicht \u00fcberwiegen.<\/p>\n\n\n\n<p><strong>3. Erhebung personenbezogener\nDaten<\/strong><\/p>\n\n\n\n<p>Sie k\u00f6nnen unsere Website besuchen, ohne Ihre Identit\u00e4t\npreiszugeben. Beim Besuch unserer Website speichern unsere Server tempor\u00e4r\njeden Zugriff in einer Protokolldatei. Rechtsgrundlage f\u00fcr die vor\u00fcbergehende\nSpeicherung der Daten ist Art. 6 Abs. 1 lit. f DS-GVO. Folgende Informationen\nwerden dabei ohne Ihr Zutun erfasst und bis zur automatisierten L\u00f6schung\ngespeichert:<\/p>\n\n\n\n<ul class=\"wp-block-list\"><li>die IP-Adresse des anfragenden\nRechners;<\/li><li>das Datum und die Uhrzeit des\nZugriffs;<\/li><li>der Name und die URL der\nabgerufenen Datei;<\/li><li>die Website, von der aus der\nZugriff erfolgt;<\/li><li>das Betriebssystem Ihres Rechners\nund der von Ihnen verwendete Browser;<\/li><li>der Name Ihres\nInternet-Access-Providers.<\/li><\/ul>\n\n\n\n<p>Die Erhebung und Verarbeitung dieser Daten erfolgt zu dem\nZweck, die Nutzung unserer Website zu erm\u00f6glichen (Verbindungsaufbau), die\nSystemsicherheit und -stabilit\u00e4t dauerhaft zu gew\u00e4hrleisten, die technische Administration\nder Netzinfrastruktur und die Optimierung unseres Internetangebotes zu\nerm\u00f6glichen, sowie zu internen statistischen Zwecken. Die IP-Adresse wird nur\nbei Angriffen auf unsere Netzinfrastruktur sowie zu statistischen Zwecken\nausgewertet.<\/p>\n\n\n\n<p>Dar\u00fcber hinaus setzen wir bei Besuch unserer Website\nCookies und Tracking-Tools ein. Hierzu erhalten Sie Erl\u00e4uterungen unter Ziff. 4\nund Ziff. 5 dieser Datenschutzerkl\u00e4rung. Auskunft \u00fcber die von uns verwendeten\nSocial Plug-ins finden Sie bei Ziff. 6.<\/p>\n\n\n\n<p><strong>4. Cookies<\/strong><\/p>\n\n\n\n<p>Wir setzen auf unsere Website Cookies ein. Cookies helfen\nunter vielen Aspekten, Ihren Besuch auf unserer Website einfacher, angenehmer\nund sinnvoller zu gestalten. Cookies sind alphanumerische Textdateien, die Ihr\nWebbrowser automatisch auf der Festplatte Ihres Computers speichert, wenn Sie\nunsere Website besuchen.<\/p>\n\n\n\n<p>Cookies besch\u00e4digen weder die Festplatte Ihres Rechners\nnoch enthalten sie Viren, Trojaner oder sonstige Schadsoftware. Durch die\nSetzung von Cookies werden personenbezogene Daten an uns \u00fcbermittelt.<\/p>\n\n\n\n<p>Wir setzen Cookies ein, um unsere Website\nnutzerfreundlicher zu gestalten. Einige Elemente unserer Website erfordern es,\ndass der aufrufende Browser auch nach einem Seitenwechsel identifiziert werden\nkann. Wir verwenden auf unserer Website dar\u00fcber hinaus Cookies, die eine\nAnalyse des Surfverhaltens der Nutzer erm\u00f6glichen. Die Rechtsgrundlage f\u00fcr die\nVerarbeitung personenbezogener Daten unter Verwendung technisch notwendiger\nCookies ist Art. 6 Abs. 1 lit. f DS-GVO. Die Rechtsgrundlage f\u00fcr die Verarbeitung\npersonenbezogener Daten unter Verwendung von Cookies zu Analysezwecken ist bei\nVorliegen einer diesbez\u00fcglichen Einwilligung des Nutzers Art. 6 Abs. 1 lit. a\nDS-GVO.<\/p>\n\n\n\n<p>Die auf diese Weise erhobenen Daten werden durch\ntechnische Vorkehrungen pseudonymisiert. Daher ist eine Zuordnung der Daten zum\naufrufenden Nutzer nicht mehr m\u00f6glich. Die Daten werden nicht gemeinsam mit\nsonstigen personenbezogenen Daten der Nutzer gespeichert. Beim Aufruf unserer\nWebsite wird der Nutzer \u00fcber die Verwendung von Cookies zu Analysezwecken\ninformiert und seine Einwilligung zur Verarbeitung der in diesem Zusammenhang\nverwendeten personenbezogenen Daten eingeholt. Es erfolgt in diesem\nZusammenhang auch ein Hinweis darauf, wie die Speicherung von Cookies in den\nBrowsereinstellungen unterbunden werden kann.<\/p>\n\n\n\n<p>Die meisten Internetbrowser akzeptieren Cookies\nautomatisch. Sie k\u00f6nnen Ihren Browser jedoch so konfigurieren, dass Sie keine\nCookies auf Ihrem Computer gespeichert werden oder stets ein Hinweis erscheint,\nwenn Sie ein neues Cookie erhalten. Die Deaktivierung von Cookies kann dazu\nf\u00fchren, dass Sie nicht alle Funktionen unserer Website nutzen k\u00f6nnen.<\/p>\n\n\n\n<p><strong>5. Google Analytics \u2013\nWebanalysedienste<\/strong><\/p>\n\n\n\n<p>Zum Zweck der bedarfsgerechten Gestaltung und\nfortlaufenden Optimierung unserer Seite nutzen wir Google Analytics, ein\nWebanalysedienst der Google Inc. (\u201cGoogle\u201d). Webanalyse ist die Erhebung,\nSammlung und Auswertung von Daten \u00fcber das Verhalten von Besuchern von Websiten.\nEin Webanalysedienst erfasst unter anderem Daten dar\u00fcber, von welcher Website\nein Besucher auf eine Website gekommen ist (sog. Referrer), auf welche\nUnterseiten der Website zugegriffen oder wie oft und f\u00fcr welche Verweildauer\neine Unterseite der Website zugegriffen oder wie oft und f\u00fcr welche\nVerweildauer eine Unterseite betrachtet wurde. Eine Webanalyse wird \u00fcberwiegend\nzur Optimierung einer Website und zur Kosten-Nutzen-Analyse von Internetwerbung\neingesetzt.<\/p>\n\n\n\n<p>Betreibergesellschaft der Google-Analytics-Komponente ist\ndie Google Inc., 1600 Amphitheatre Pkwy, Mountain View, CA 94043-1351, USA.<\/p>\n\n\n\n<p>Die Benutzung erfolgt auf der Grundlage des Art. 6 Abs. 1\nS. 1 lit. f DS-GVO. Google Analytics verwendet sog. \u201eCookies\u201c, Textdateien, die\nauf Ihrem Computer gespeichert werden und die eine Analyse der Benutzung der\nWebsite durch Sie erm\u00f6glichen. Die durch den Cookie erzeugten Informationen\n\u00fcber Ihre Benutzung der Website wie<\/p>\n\n\n\n<ul class=\"wp-block-list\"><li>Browser-Typ \/ -Version,<\/li><li>verwendetes Betriebssystem,<\/li><li>Referrer-URL (die zuvor besuchte\nSeite),<\/li><li>Hostname des zugreifenden Rechners\n(IP-Adresse),<\/li><li>Uhrzeit der Serveranfrage<\/li><\/ul>\n\n\n\n<p>werden an Server \u00fcbertragen und dort gespeichert. Die\nInformationen werden verwendet, um die Nutzung der Website auszuwerten, um\nReports \u00fcber die Websiteaktivit\u00e4ten zusammenzustellen und um weitere mit der\nWebsitenutzung und der Internetnutzung verbundene Dienstleistungen zu Zwecken\nder Marktforschung und bedarfsgerechten Gestaltung dieser Website zu erbringen.\nAuch werden diese Informationen gegebenenfalls an Dritte \u00fcbertragen, sofern\ndies gesetzlich vorgeschrieben ist oder soweit Dritte diese Daten im Auftrag\nverarbeiten.<\/p>\n\n\n\n<p>Google beachtet die Datenschutzbestimmungen des\n\u201eUS-Privacy-Shield\u201c und ist beim \u201eUS-Privacy Shield\u201c-Programm des\nUS-Handelsministeriums registriert. Zus\u00e4tzlich haben wir mit Google einen\nAuftragsverarbeitungsvertrag f\u00fcr die Verwendung von Google Analytics\nabgeschlossen. Durch diesen Vertrag versichert Google, dass sie die Daten im\nEinklang mit der Datenschutzgrundverordnung verarbeiten und den Schutz der\nRechte der betroffenen Person gew\u00e4hrleisten.<\/p>\n\n\n\n<p>Es wird in keinem Fall die IP-Adresse mit anderen den\nNutzer betreffenden Daten in Verbindung gebracht. Wir verwenden f\u00fcr die\nWeb-Analyse \u00fcber Google Analytics den Zusatz \u201e_gat._anonymizeIp\u201c. Mittels\ndieses Zusatzes wird die IP-Adresse des Internetanschlusses von Google gek\u00fcrzt\nund anonymisiert, wenn der Zugriff auf unsere Website aus einem Mitgliedstaat\nder Europ\u00e4ischen Union oder aus einem anderen Vertragsstaat des Abkommens \u00fcber\nden Europ\u00e4ischen Wirtschaftsraum erfolgt.<\/p>\n\n\n\n<p>Der Nutzer kann die Installation der Cookies durch eine\nentsprechende Einstellung der Browser-Software verhindern; wir weisen Sie\njedoch darauf hin, dass in diesem Fall gegebenenfalls nicht s\u00e4mtliche\nFunktionen dieser Website vollumf\u00e4nglich genutzt werden k\u00f6nnen.<\/p>\n\n\n\n<p>Des Weiteren nutzen wir die Google Analytics Berichte zu\ndemografischen Merkmalen, in denen Daten aus interessenbezogener Werbung von\nGoogle sowie Besucherdaten von Drittanbietern (z. B. Alter, Geschlecht und\nInteressen) verwendet werden. Diese Daten sind nicht auf eine bestimmte Person\nzur\u00fcckzuf\u00fchren und k\u00f6nnen jederzeit \u00fcber die Anzeigeneinstellungen deaktiviert\nwerden.<\/p>\n\n\n\n<p>Der Erstellung von Nutzungsprofilen kann der Nutzer\njederzeit widersprechen. F\u00fcr die Mitteilung des Widerspruchs k\u00f6nnen die unter\nZiff. 10 genannten Kontaktdaten verwendet werden. Hierzu m\u00fcssen Sie ein\nBrowser-Add-On unter dem Link <a href=\"https:\/\/tools.google.com\/dlpage\/gaoptout?hl=de\">https:\/\/tools.google.com\/dlpage\/gaoptout?hl=de<\/a> herunterladen und installieren. Dieses Browser-Add-On\nteilt Google Analytics \u00fcber JavaScript mit, dass keine Daten und Informationen\nzu den Besuchen von Internetseiten an Google Analytics \u00fcbermittelt werden\nd\u00fcrfen. Die Installation des Browser-Add-Ons wird von Google als Widerspruch\ngewertet. Wird das informationstechnologische System der betroffenen Person zu\neinem sp\u00e4teren Zeitpunkt gel\u00f6scht, formatiert oder neu installiert, m\u00fcssen Sie\neine erneute Installation des Browser-Add-Ons vornehmen, um Google Analytics zu\ndeaktivieren. Sofern das Browser-Add-On durch Ihnen oder einer anderen Person,\ndie ihrem Machtbereich zuzurechnen ist, deinstalliert oder deaktiviert wird,\nbesteht die M\u00f6glichkeit der Neuinstallation oder der erneuten Aktivierung des\nBrowser-Add-Ons. Alternativ zum Browser-Add-On, insbesondere bei Browsern auf\nmobilen Endger\u00e4ten, k\u00f6nnen Sie die Erfassung durch Google Analytics zudem\nverhindern, indem Sie auf diesen Link klicken: <strong>Erfassung von Daten durch Google Analytics f\u00fcr\ndiese Website deaktivieren<\/strong>. Es wird ein Opt-Out-Cookie\ngesetzt, das die zuk\u00fcnftige Erfassung Ihrer Daten beim Besuch dieser Website\nverhindert. Der Opt-Out-Cookie gilt nur in diesem Browser und nur f\u00fcr unsere\nWebsite und wird auf Ihrem Ger\u00e4t abgelegt. L\u00f6schen Sie die Cookies in diesem\nBrowser, m\u00fcssen Sie das Opt-Out-Cookie erneut setzen.<\/p>\n\n\n\n<p>Wir nutzen Google Analytics weiterhin dazu, Daten aus\nDouble-Click-Cookies und auch Google Ads zu statistischen Zwecken auszuwerten.\nSollten Sie dies nicht w\u00fcnschen, k\u00f6nnen Sie dies \u00fcber den\nAnzeigenvorgaben-Manager (<a href=\"http:\/\/www.google.com\/settings\/ads\/onweb\/?hl=de\">http:\/\/www.google.com\/settings\/ads\/onweb\/?hl=de<\/a>) deaktivieren.<\/p>\n\n\n\n<p>Weitere Informationen und die geltenden\nDatenschutzbestimmungen von Google k\u00f6nnen unter <a href=\"https:\/\/www.google.de\/intl\/de\/policies\/privacy\/\">https:\/\/www.google.de\/intl\/de\/policies\/privacy\/<\/a> und unter <a href=\"http:\/\/www.google.com\/analytics\/terms\/de.html\">http:\/\/www.google.com\/analytics\/terms\/de.html<\/a> abgerufen werden. Google Analytics wird unter diesem Link\n<a href=\"Link%20https:\/www.google.com\/intl\/de_de\/analytics\">https:\/\/www.google.com\/intl\/de_de\/analytics\/<\/a> genauer erl\u00e4utert.<\/p>\n\n\n\n<p><strong>6. Social-Media-Plug-ins<\/strong><\/p>\n\n\n\n<p>Wir setzen auf unserer Website Social-Media Plug-ins der\nsozialen Netzwerke Facebook, Google+, Twitter, Instagram und Xing ein. Die\nVerantwortung f\u00fcr den datenschutzkonformen Betrieb ist durch deren jeweiligen\nAnbieter zu gew\u00e4hrleisten. Die Einbindung dieser Plug-ins durch uns erfolgt so,\ndass der Datenschutz der Nutzer m\u00f6glichst umfassend gew\u00e4hrleistet wird.<\/p>\n\n\n\n<p>Ein soziales Netzwerk ist ein im Internet betriebener\nsozialer Treffpunkt, eine Online-Gemeinschaft, die es den Nutzern in der Regel\nerm\u00f6glicht, untereinander zu kommunizieren und im virtuellen Raum zu\ninteragieren. Ein soziales Netzwerk kann als Plattform zum Austausch von\nMeinungen und Erfahrungen dienen oder erm\u00f6glicht es der Internetgemeinschaft,\npers\u00f6nliche oder unternehmensbezogene Informationen bereitzustellen. Facebook\nerm\u00f6glicht den Nutzern des sozialen Netzwerkes unter anderem die Erstellung von\nprivaten Profilen, den Upload von Fotos und eine Vernetzung \u00fcber\nFreundschaftsanfragen.<\/p>\n\n\n\n<p><strong>a. Facebook<\/strong><\/p>\n\n\n\n<p>Auf unseren Seiten sind Plug-ins des sozialen Netzwerks\nFacebook, Anbieter Facebook Inc., 1 Hacker Way, Menlo Park, California 94025,\nUSA, integriert. F\u00fcr die Verarbeitung personenbezogener Daten Verantwortlicher\nist, wenn ein Nutzer au\u00dferhalb der USA oder Kanada lebt, die Facebook Ireland\nLtd., 4 Grand Canal Square, Grand Canal Harbour, Dublin 2, Ireland. Die\nFacebook-Plugins erkennen Sie an dem Facebook-Logo oder dem \u201eLike-Button\u201c\n(\u201eGef\u00e4llt mir\u201c) auf unserer Seite. Eine \u00dcbersicht \u00fcber die Facebook-Plug-ins\nfinden Sie hier: <a href=\"https:\/\/developers.facebook.com\/docs\/plugins\/\">https:\/\/developers.facebook.com\/docs\/plugins\/<\/a><\/p>\n\n\n\n<p>Wir haben auf unserer Website Komponenten des Unternehmens\nFacebook integriert. Wenn Sie unsere Seiten besuchen, wird \u00fcber das Plug-in\neine direkte Verbindung zwischen Ihrem Browser und dem Facebook-Server\nhergestellt. Facebook erh\u00e4lt dadurch die Information, dass Sie mit Ihrer\nIP-Adresse unsere Seite besucht haben. Wenn Sie den Facebook \u201eLike-Button\u201c\nanklicken w\u00e4hrend Sie in Ihrem Facebook-Account eingeloggt sind, k\u00f6nnen Sie die\nInhalte unserer Seiten auf Ihrem Facebook-Profil verlinken. Dadurch kann\nFacebook den Besuch unserer Seiten Ihrem Benutzerkonto zuordnen. Wir weisen\ndarauf hin, dass wir als Anbieter der Seiten keine Kenntnis vom Inhalt der\n\u00fcbermittelten Daten sowie deren Nutzung durch Facebook erhalten. Weitere\nInformationen hierzu finden Sie in der Datenschutzerkl\u00e4rung von Facebook unter <a href=\"https:\/\/www.facebook.com\/about\/privacy\/\">https:\/\/www.facebook.com\/about\/privacy\/<\/a>. Ferner wird dort erl\u00e4utert, welche\nEinstellungsm\u00f6glichkeiten Facebook zum Schutz Ihrer Privatsph\u00e4re bietet. Zudem\nsind unterschiedliche Applikationen erh\u00e4ltlich, die es erm\u00f6glichen, eine\nDaten\u00fcbermittlung an Facebook zu unterdr\u00fccken. Solche Applikationen k\u00f6nnen\ndurch die betroffene Person genutzt werden, um eine Daten\u00fcbermittlung an\nFacebook zu unterdr\u00fccken.<\/p>\n\n\n\n<p>Wenn Sie nicht w\u00fcnschen, dass Facebook den Besuch unserer\nSeiten Ihrem Facebook-Nutzerkonto zuordnen kann, loggen Sie sich bitte aus\nIhrem Facebook-Benutzerkonto aus.<\/p>\n\n\n\n<p><strong>7. Rechte der betroffenen Person<\/strong><\/p>\n\n\n\n<p>Die folgende Auflistung umfasst alle Rechte der\nBetroffenen nach der DS-GVO.<\/p>\n\n\n\n<p>Werden personenbezogene Daten von Ihnen durch uns\nverarbeitet, sind Sie Betroffener i.S.d. DS-GVO und es stehen Ihnen folgende\nRechte gegen\u00fcber dem Verantwortlichen zu:<\/p>\n\n\n\n<p><strong>a. Recht auf Best\u00e4tigung<\/strong><\/p>\n\n\n\n<p>Sie haben das Recht, von uns eine Best\u00e4tigung dar\u00fcber zu\nverlangen, ob von Ihnen personenbezogene Daten verarbeitet werden. M\u00f6chte Sie\ndieses Best\u00e4tigungsrecht in Anspruch nehmen, k\u00f6nnen Sie sich hierzu jederzeit\nan uns wenden.<\/p>\n\n\n\n<p><strong>b. Recht auf Auskunft<\/strong><\/p>\n\n\n\n<p>Sie k\u00f6nnen von uns eine Best\u00e4tigung dar\u00fcber verlangen, ob\npersonenbezogene Daten, die Sie betreffen, von uns verarbeitet werden. Liegt\neine solche Verarbeitung vor, k\u00f6nnen Sie \u00fcber folgende Informationen Auskunft\nverlangen:<\/p>\n\n\n\n<ul class=\"wp-block-list\"><li>die Zwecke, zu denen die\npersonenbezogenen Daten verarbeitet werden;<\/li><li>die Kategorien von\npersonenbezogenen Daten, welche verarbeitet werden;<\/li><li>die Empf\u00e4nger bzw. die Kategorien\nvon Empf\u00e4ngern, gegen\u00fcber denen die Sie betreffenden personenbezogenen Daten\noffengelegt wurden oder noch offengelegt werden;<\/li><li>die geplante Dauer der Speicherung\nder Sie betreffenden personenbezogenen Daten oder, falls konkrete Angaben\nhierzu nicht m\u00f6glich sind, Kriterien f\u00fcr die Festlegung der Speicherdauer;<\/li><li>das Bestehen eines Rechts auf\nBerichtigung oder L\u00f6schung der Sie betreffenden personenbezogenen Daten, eines\nRechts auf Einschr\u00e4nkung der Verarbeitung durch den Verantwortlichen oder eines\nWiderspruchsrechts gegen diese Verarbeitung;<\/li><li>das Bestehen eines\nBeschwerderechts bei einer Aufsichtsbeh\u00f6rde;<\/li><li>alle verf\u00fcgbaren Informationen\n\u00fcber die Herkunft der Daten, wenn die personenbezogenen Daten nicht bei der\nbetroffenen Person erhoben werden;<\/li><li>das Bestehen einer automatisierten\nEntscheidungsfindung einschlie\u00dflich Profiling gem\u00e4\u00df Art. 22 Abs. 1 und 4 DS-GVO\nund \u2013 zumindest in diesen F\u00e4llen \u2013 aussagekr\u00e4ftige Informationen \u00fcber die\ninvolvierte Logik sowie die Tragweite und die angestrebten Auswirkungen einer\nderartigen Verarbeitung f\u00fcr die betroffene Person.<\/li><\/ul>\n\n\n\n<p>Ihnen steht das Recht zu, Auskunft dar\u00fcber zu verlangen,\nob die Sie betreffenden personenbezogenen Daten in ein Drittland oder an eine\ninternationale Organisation \u00fcbermittelt werden. In diesem Zusammenhang k\u00f6nnen\nSie verlangen, \u00fcber die geeigneten Garantien gem. Art. 46 DS-GVO im\nZusammenhang mit der \u00dcbermittlung unterrichtet zu werden.<\/p>\n\n\n\n<p>M\u00f6chten Sie dieses Auskunftsrecht in Anspruch nehmen,\nk\u00f6nnen Sie sich hierzu jederzeit an uns wenden.<\/p>\n\n\n\n<p><strong>c. Recht auf Berichtigung<\/strong><\/p>\n\n\n\n<p>Sie haben ein Recht auf Berichtigung und\/oder\nVervollst\u00e4ndigung, sofern die verarbeiteten personenbezogenen Daten, die Sie\nbetreffen, unrichtig oder unvollst\u00e4ndig sind. Wir haben die Berichtigung\nunverz\u00fcglich vorzunehmen.<\/p>\n\n\n\n<p>M\u00f6chten Sie dieses Berichtigungsrecht in Anspruch nehmen,\nk\u00f6nnen Sie sich hierzu jederzeit an uns wenden.<\/p>\n\n\n\n<p><strong>d. Recht auf L\u00f6schung (Recht auf\nVergessen werden)<\/strong><\/p>\n\n\n\n<p>Sie haben das zu verlangen, dass die Sie betreffenden\npersonenbezogenen Daten unverz\u00fcglich gel\u00f6scht werden, sofern einer der\nfolgenden Gr\u00fcnde zutrifft und soweit die Verarbeitung nicht erforderlich ist:<\/p>\n\n\n\n<ul class=\"wp-block-list\"><li>Die Sie betreffenden\npersonenbezogenen Daten sind f\u00fcr die Zwecke, f\u00fcr die sie erhoben oder auf\nsonstige Weise verarbeitet wurden, nicht mehr notwendig.<\/li><li>Sie widerrufen Ihre Einwilligung,\nauf die sich die Verarbeitung gem. Art. 6 Abs. 1 lit. a oder Art. 9 Abs. 2 lit.\na DS-GVO st\u00fctzte, und es fehlt an einer anderweitigen Rechtsgrundlage f\u00fcr die\nVerarbeitung.<\/li><li>Sie legen gem. Art. 21 Abs. 1 DS-GVO\nWiderspruch gegen die Verarbeitung ein und es liegen keine vorrangigen\nberechtigten Gr\u00fcnde f\u00fcr die Verarbeitung vor, oder Sie legen gem. Art. 21 Abs.\n2 DS-GVO Widerspruch gegen die Verarbeitung ein.<\/li><li>Die Sie betreffenden\npersonenbezogenen Daten wurden unrechtm\u00e4\u00dfig verarbeitet.<\/li><li>Die L\u00f6schung der Sie betreffenden\npersonenbezogenen Daten ist zur Erf\u00fcllung einer rechtlichen Verpflichtung nach\ndem Unionsrecht oder dem Recht der Mitgliedstaaten erforderlich.<\/li><li>Die Sie betreffenden\npersonenbezogenen Daten wurden in Bezug auf angebotene Dienste der\nInformationsgesellschaft gem\u00e4\u00df Art. 8 Abs. 1 DS-GVO erhoben.<\/li><\/ul>\n\n\n\n<p>Sofern einer der oben genannten Gr\u00fcnde zutrifft und Sie\ndie L\u00f6schung von personenbezogenen Daten, die bei uns gespeichert sind,\nveranlassen m\u00f6chten, k\u00f6nnen Sie sich hierzu jederzeit an uns wenden.<\/p>\n\n\n\n<p><strong>e. Recht auf Einschr\u00e4nkung der\nVerarbeitung<\/strong><\/p>\n\n\n\n<p>Sie haben das Recht die Einschr\u00e4nkung der Verarbeitung zu\nverlangen, wenn eine der folgenden Voraussetzungen gegeben ist:<\/p>\n\n\n\n<ul class=\"wp-block-list\"><li>Die Richtigkeit der\npersonenbezogenen Daten wird von Ihnen bestritten, und zwar f\u00fcr eine Dauer, die\nes uns erm\u00f6glicht, die Richtigkeit der personenbezogenen Daten zu \u00fcberpr\u00fcfen.<\/li><li>Die Verarbeitung ist unrechtm\u00e4\u00dfig,\nSie lehnen die L\u00f6schung der personenbezogenen Daten ab und verlangen\nstattdessen die Einschr\u00e4nkung der Nutzung der personenbezogenen Daten.<\/li><li>Wir ben\u00f6tigen die\npersonenbezogenen Daten f\u00fcr die Zwecke der Verarbeitung nicht l\u00e4nger, Sie\nben\u00f6tigen sie jedoch zur Geltendmachung, Aus\u00fcbung oder Verteidigung von\nRechtsanspr\u00fcchen.<\/li><li>Sie haben Widerspruch gegen die\nVerarbeitung gem. Art. 21 Abs. 1 DS-GVO eingelegt und es steht noch nicht fest,\nob unsere berechtigten Gr\u00fcnde der gegen\u00fcber Ihren \u00fcberwiegen.<\/li><\/ul>\n\n\n\n<p>Sofern eine der oben genannten Voraussetzungen gegeben ist\nund Sie die Einschr\u00e4nkung von personenbezogenen Daten, die bei uns gespeichert\nsind, verlangen m\u00f6chten, k\u00f6nnen Sie sich hierzu jederzeit an uns wenden.<\/p>\n\n\n\n<p><strong>f. Recht auf Daten\u00fcbertragbarkeit<\/strong><\/p>\n\n\n\n<p>Sie haben das Recht, die Sie betreffenden\npersonenbezogenen Daten, die Sie uns bereitgestellt haben, in einem\nstrukturierten, g\u00e4ngigen und maschinenlesbaren Format zu erhalten. Au\u00dferdem\nhaben Sie das Recht diese Daten einem anderen Verantwortlichen ohne Behinderung\ndurch uns, dem die personenbezogenen Daten bereitgestellt wurden, zu\n\u00fcbermitteln, sofern<\/p>\n\n\n\n<ul class=\"wp-block-list\"><li>die Verarbeitung auf einer\nEinwilligung gem. Art. 6 Abs. 1 lit. a DS-GVO oder Art. 9 Abs. 2 lit. a DS-GVO\noder auf einem Vertrag gem. Art. 6 Abs. 1 lit. b DS-GVO beruht und<\/li><li>die Verarbeitung mithilfe\nautomatisierter Verfahren erfolgt.<\/li><\/ul>\n\n\n\n<p>In Aus\u00fcbung dieses Rechts haben Sie ferner das Recht, zu\nerwirken, dass die Sie betreffenden personenbezogenen Daten direkt von einem\nVerantwortlichen einem anderen Verantwortlichen \u00fcbermittelt werden, soweit dies\ntechnisch machbar ist. Freiheiten und Rechte anderer Personen d\u00fcrfen hierdurch\nnicht beeintr\u00e4chtigt werden.<\/p>\n\n\n\n<p>Das Recht auf Daten\u00fcbertragbarkeit gilt nicht f\u00fcr eine\nVerarbeitung personenbezogener Daten, die f\u00fcr die Wahrnehmung einer Aufgabe erforderlich\nist, die im \u00f6ffentlichen Interesse liegt oder in Aus\u00fcbung \u00f6ffentlicher Gewalt\nerfolgt, die dem Verantwortlichen \u00fcbertragen wurde.<\/p>\n\n\n\n<p>Zur Geltendmachung des Rechts auf Daten\u00fcbertragbarkeit\nk\u00f6nnen Sie sich jederzeit an uns wenden.<\/p>\n\n\n\n<p><strong>g. Recht auf Widerspruch<\/strong><\/p>\n\n\n\n<p>Sie haben das Recht, jederzeit gegen die Verarbeitung der\nSie betreffenden personenbezogenen Daten, die aufgrund von Art. 6 Abs. 1 lit.\ne. oder f. DS-GVO erfolgt, Widerspruch einzulegen. Dies gilt auch f\u00fcr ein auf\ndiese Bestimmungen gest\u00fctztes Profiling.<\/p>\n\n\n\n<p>Wir verarbeiten die personenbezogenen Daten im Falle des\nWiderspruchs nicht mehr, es sei denn, wir k\u00f6nnen zwingende schutzw\u00fcrdige Gr\u00fcnde\nf\u00fcr die Verarbeitung nachweisen, die Ihre Interessen, Rechten und Freiheiten\n\u00fcberwiegen, oder die Verarbeitung dient der Geltendmachung, Aus\u00fcbung oder\nVerteidigung von Rechtsanspr\u00fcchen.<\/p>\n\n\n\n<p>Verarbeiten wir personenbezogene Daten, um Direktwerbung\nzu betreiben, so haben Sie das Recht, jederzeit Widerspruch gegen die\nVerarbeitung der personenbezogenen Daten zum Zwecke derartiger Werbung\neinzulegen. Dies gilt auch f\u00fcr das Profiling, soweit es mit solcher\nDirektwerbung in Verbindung steht. Widersprechen Sie gegen\u00fcber uns die\nVerarbeitung f\u00fcr Zwecke der Direktwerbung, so werden wir die personenbezogenen\nDaten nicht mehr f\u00fcr diese Zwecke verarbeiten.<\/p>\n\n\n\n<p>Zudem haben Sie das Recht gegen die Sie betreffende\nVerarbeitung personenbezogener Daten, die bei uns zu wissenschaftlichen oder\nhistorischen Forschungszwecken oder zu statistischen Zwecken gem\u00e4\u00df Art. 89 Abs.\n1 DS-GVO erfolgen, Widerspruch einzulegen, es sei denn, eine solche\nVerarbeitung ist zur Erf\u00fcllung einer im \u00f6ffentlichen Interesse liegenden\nAufgabe erforderlich.<\/p>\n\n\n\n<p>Zur Aus\u00fcbung des Rechts auf Widerspruch k\u00f6nnen Sie sich\ndirekt an uns wenden. Ihnen steht es ferner frei, im Zusammenhang mit der\nNutzung von Diensten der Informationsgesellschaft, ungeachtet der Richtlinie\n2002\/58\/EG, ihr Widerspruchsrecht mittels automatisierter Verfahren auszu\u00fcben,\nbei denen technische Spezifikationen verwendet werden.<\/p>\n\n\n\n<p><strong>h. Automatisierte Entscheidungen\nim Einzelfall einschlie\u00dflich Profiling<\/strong><\/p>\n\n\n\n<p>Sie haben das Recht, nicht einer ausschlie\u00dflich auf einer\nautomatisierten Verarbeitung \u2014 einschlie\u00dflich Profiling \u2014 beruhenden\nEntscheidung unterworfen zu werden, die Ihnen gegen\u00fcber rechtlicher Wirkung\nentfaltet oder Sie in \u00e4hnlicher Weise erheblich beeintr\u00e4chtigt. Dies entfaltet\nkeine Wirkung, wenn die Entscheidung<\/p>\n\n\n\n<ul class=\"wp-block-list\"><li>f\u00fcr den Abschluss oder die\nErf\u00fcllung eines Vertrags zwischen Ihnen und uns erforderlich ist,<\/li><li>aufgrund von Rechtsvorschriften\nder Union oder der Mitgliedstaaten zul\u00e4ssig ist und diese Rechtsvorschriften\nangemessene Ma\u00dfnahmen zur Wahrung Ihrer Rechte und Freiheiten sowie Ihre\nberechtigten Interessen enthalten oder<\/li><li>mit Ihrer ausdr\u00fccklichen\nEinwilligung erfolgt.<\/li><\/ul>\n\n\n\n<p>Ist die Entscheidung f\u00fcr den Abschluss oder die Erf\u00fcllung\neines Vertrags zwischen Ihnen und uns erforderlich oder erfolgt sie mit Ihrer\nausdr\u00fccklichen Einwilligung, treffen wir angemessene Ma\u00dfnahmen, um Ihre Rechte\nund Freiheiten sowie Ihre berechtigten Interessen zu wahren, wozu mindestens\ndas Recht auf Erwirkung des Eingreifens einer Person seitens des\nVerantwortlichen, auf Darlegung des eigenen Standpunkts und auf Anfechtung der\nEntscheidung geh\u00f6rt.<\/p>\n\n\n\n<p>M\u00f6chte Sie die Rechte mit Bezug auf automatisierte\nEntscheidungen geltend machen, k\u00f6nnen Sie sich hierzu jederzeit an uns wenden.<\/p>\n\n\n\n<p><strong>i. Recht auf Widerruf einer\ndatenschutzrechtlichen Einwilligung<\/strong><\/p>\n\n\n\n<p>Sie haben das Recht, Ihre Einwilligungserkl\u00e4rung zur\nVerarbeitung personenbezogener Daten jederzeit zu widerrufen. Durch den\nWiderruf der Einwilligung wird die Rechtm\u00e4\u00dfigkeit, der aufgrund der\nEinwilligung bis zum Widerruf erfolgten Verarbeitung, nicht ber\u00fchrt.<\/p>\n\n\n\n<p>M\u00f6chte Sie das Recht auf Widerruf einer Einwilligung\ngeltend machen, k\u00f6nnen Sie sich hierzu jederzeit an uns wenden.<\/p>\n\n\n\n<p><strong>8. L\u00f6schung und Sperrung von personenbezogenen\nDaten<\/strong><\/p>\n\n\n\n<p>Wir verarbeiten und speichern Ihre personenbezogenen Daten\nnur f\u00fcr den Zeitraum, der zur Erreichung des Speicherungszwecks erforderlich\nist oder sofern dies durch den Europ\u00e4ischen Richtlinien- und Verordnungsgeber\noder einen anderen Gesetzgeber in Gesetzen oder Vorschriften vorgesehen wurde.<\/p>\n\n\n\n<p>Entf\u00e4llt der Speicherungszweck oder l\u00e4uft eine vom\nEurop\u00e4ischen Richtlinien- und Verordnungsgeber oder einem anderen zust\u00e4ndigen\nGesetzgeber vorgeschriebene Speicherfrist ab, werden die personenbezogenen\nDaten routinem\u00e4\u00dfig und entsprechend den gesetzlichen Vorschriften gesperrt oder\ngel\u00f6scht.<\/p>\n\n\n\n<p><strong>9. Sicherheit<\/strong><\/p>\n\n\n\n<p>Wir bedienen uns geeigneter technischer und\norganisatorischer Sicherheitsma\u00dfnahmen, um Ihre Daten gegen zuf\u00e4llige oder\nvors\u00e4tzliche Manipulationen, teilweise oder vollst\u00e4ndigen Verlust, Zerst\u00f6rung\noder gegen den unbefugten Zugriff Dritter zu sch\u00fctzen. Unsere\nSicherheitsma\u00dfnahmen werden entsprechend der technologischen Entwicklung\nfortlaufend verbessert.<\/p>\n\n\n\n<p><strong>10. Auskunft, Berichtigung,\nKorrektur und L\u00f6schung von Daten<\/strong><\/p>\n\n\n\n<p>F\u00fcr eine Auskunft \u00fcber Ihre personenbezogenen Daten, zur\nVeranlassung einer Korrektur unrichtiger Daten oder deren Sperrung bzw.\nL\u00f6schung sowie f\u00fcr weitergehende Fragen \u00fcber die Verwendung Ihrer\npersonenbezogenen Daten kontaktieren Sie bitte:<\/p>\n\n\n\n<p>Turn- und Sportgemeinschaft 07 Burg Gretesch e.V. <\/p>\n\n\n\n<p>Helmut-Stockmeyer-Stra\u00dfe 3 <\/p>\n\n\n\n<p>49086 Osnabr\u00fcck<\/p>\n\n\n\n<p>E-Mail: kontakt@tri-osnabrueck.de<\/p>\n\n\n\n<p><strong>11. Aktualit\u00e4t der\nDatenschutzerkl\u00e4rung<\/strong><\/p>\n\n\n\n<p>Diese Datenschutzerkl\u00e4rung ist aktuell g\u00fcltig und datiert vom 12. September 2019.<\/p>\n\n\n\n<p>Sie kann jederzeit auf unserer Website <a href=\"http:\/\/tri-osnabrueck.de\/datenschutzverordnung\/\">http:\/\/tri-osnabrueck.de\/datenschutzverordnung\/<\/a> von Ihnen abgerufen aus ausgedruckt werden.<\/p>\n","protected":false},"excerpt":{"rendered":"<p>Datenschutzerkl\u00e4rung Wir, die Triathlon Abteilung der Turn- und Sportgemeinschaft 07 Burg Gretesch e.V., Helmut-Stockmeyer-Stra\u00dfe 3, 49086 Osnabr\u00fcck sind Betreiber dieser Website und der darauf angebotenen Dienste und somit verantwortlich f\u00fcr die Erhebung, Verarbeitung und Nutzung von personenbezogenen Daten im Sinne der Datenschutzgrundverordnung (DS-GVO) und in \u00dcbereinstimmung mit den geltenden landesspezifischen Datenschutzbestimmungen. Der ordnungsgem\u00e4\u00dfe Umgang mit &hellip;<\/p>\n<p class=\"read-more\"> <a class=\"\" href=\"http:\/\/tri-osnabrueck.de\/?page_id=388\"> <span class=\"screen-reader-text\">Datenschutzerkl\u00e4rung<\/span> Weiterlesen &raquo;<\/a><\/p>\n","protected":false},"author":995,"featured_media":0,"parent":0,"menu_order":0,"comment_status":"closed","ping_status":"closed","template":"elementor_theme","meta":{"site-sidebar-layout":"default","site-content-layout":"default","ast-site-content-layout":"default","site-content-style":"default","site-sidebar-style":"default","ast-global-header-display":"","ast-banner-title-visibility":"","ast-main-header-display":"","ast-hfb-above-header-display":"","ast-hfb-below-header-display":"","ast-hfb-mobile-header-display":"","site-post-title":"","ast-breadcrumbs-content":"","ast-featured-img":"","footer-sml-layout":"","theme-transparent-header-meta":"default","adv-header-id-meta":"","stick-header-meta":"","header-above-stick-meta":"","header-main-stick-meta":"","header-below-stick-meta":"","astra-migrate-meta-layouts":"set","ast-page-background-enabled":"default","ast-page-background-meta":{"desktop":{"background-color":"","background-image":"","background-repeat":"repeat","background-position":"center center","background-size":"auto","background-attachment":"scroll","background-type":"","background-media":"","overlay-type":"","overlay-color":"","overlay-gradient":""},"tablet":{"background-color":"","background-image":"","background-repeat":"repeat","background-position":"center center","background-size":"auto","background-attachment":"scroll","background-type":"","background-media":"","overlay-type":"","overlay-color":"","overlay-gradient":""},"mobile":{"background-color":"","background-image":"","background-repeat":"repeat","background-position":"center center","background-size":"auto","background-attachment":"scroll","background-type":"","background-media":"","overlay-type":"","overlay-color":"","overlay-gradient":""}},"ast-content-background-meta":{"desktop":{"background-color":"var(--ast-global-color-5)","background-image":"","background-repeat":"repeat","background-position":"center center","background-size":"auto","background-attachment":"scroll","background-type":"","background-media":"","overlay-type":"","overlay-color":"","overlay-gradient":""},"tablet":{"background-color":"var(--ast-global-color-5)","background-image":"","background-repeat":"repeat","background-position":"center center","background-size":"auto","background-attachment":"scroll","background-type":"","background-media":"","overlay-type":"","overlay-color":"","overlay-gradient":""},"mobile":{"background-color":"var(--ast-global-color-5)","background-image":"","background-repeat":"repeat","background-position":"center center","background-size":"auto","background-attachment":"scroll","background-type":"","background-media":"","overlay-type":"","overlay-color":"","overlay-gradient":""}},"footnotes":""},"class_list":["post-388","page","type-page","status-publish","hentry"],"_links":{"self":[{"href":"http:\/\/tri-osnabrueck.de\/index.php?rest_route=\/wp\/v2\/pages\/388","targetHints":{"allow":["GET"]}}],"collection":[{"href":"http:\/\/tri-osnabrueck.de\/index.php?rest_route=\/wp\/v2\/pages"}],"about":[{"href":"http:\/\/tri-osnabrueck.de\/index.php?rest_route=\/wp\/v2\/types\/page"}],"author":[{"embeddable":true,"href":"http:\/\/tri-osnabrueck.de\/index.php?rest_route=\/wp\/v2\/users\/995"}],"replies":[{"embeddable":true,"href":"http:\/\/tri-osnabrueck.de\/index.php?rest_route=%2Fwp%2Fv2%2Fcomments&post=388"}],"version-history":[{"count":5,"href":"http:\/\/tri-osnabrueck.de\/index.php?rest_route=\/wp\/v2\/pages\/388\/revisions"}],"predecessor-version":[{"id":1010,"href":"http:\/\/tri-osnabrueck.de\/index.php?rest_route=\/wp\/v2\/pages\/388\/revisions\/1010"}],"wp:attachment":[{"href":"http:\/\/tri-osnabrueck.de\/index.php?rest_route=%2Fwp%2Fv2%2Fmedia&parent=388"}],"curies":[{"name":"wp","href":"https:\/\/api.w.org\/{rel}","templated":true}]}}